{"version":"1.0","type":"rich","provider_name":"R\u00e9ussir Ensemble","provider_url":"https:\/\/reussirensembleablr.fr","title":"Logement social (Loi SRU)","author_name":"Herv\u00e9 Le Dantec","width":"600","height":"400","url":"https:\/\/reblr.fr\/Logement-social-Loi-SRU","html":"\u003Ch4 class='title'\u003E\u003Ca href='https:\/\/reblr.fr\/Logement-social-Loi-SRU'\u003ELogement social (Loi SRU)\u003C\/a\u003E\u003C\/h4\u003E\u003Cblockquote class='spip'\u003E\u003Cp\u003ER\u00e9pondre \u00e0 la loi, sans b\u00e9tonner Bois-le-Roi.\u003Cbr class='autobr' \/\u003E\nAppliqu\u00e9e avec intelligence et pragmatisme, elle peut devenir un levier de solidarit\u00e9 locale et de d\u00e9veloppement \u00e9conomique.\u003Cbr class='autobr' \/\u003E\nNotre strat\u00e9gie\u003Cbr class='autobr' \/\u003E\nProduire des logements sociaux, sans grands programmes, sans artificialisation\u003Cbr class='autobr' \/\u003E\nCr\u00e9er la soci\u00e9t\u00e9 SEM\u003Csup\u003E\u003Ca href=\"..\/SEM\"  title=\"D\u00e9finition\u00a0: \u00ab Syndicat d&#039;\u00c9conomie Mixe du Pays de Fontainebleau \u00bb IMPORTANT : La&nbsp;(\u2026)\"\u003E?\u003C\/a\u003E\u003C\/sup\u003E Bacotte (actionnaires habitants et commune), outil local, l\u00e9ger et ma\u00eetris\u00e9 pour ne pas endetter la commune (pas d\u2019immeubles, pas d\u2019artificialisation des sols)\u003Cbr class='autobr' \/\u003E\nMobiliser le parc existant via&nbsp;:\u003Cbr class='autobr' \/\u003E\nla r\u00e9novation et transformation de logements en maisons partag\u00e9es\u003Cbr class='autobr' \/\u003E\nl\u2019interm\u00e9diation locative\u003Cbr class='autobr' \/\u003E\nle dispositif ANAH Loc\u2019Avantages\u003Cbr class='autobr' \/\u003E\nCe que cela change\u003Cbr class='autobr' \/\u003E\nZ\u00e9ro b\u00e9ton\u003Cbr class='autobr' \/\u003E\nOn ne paye plus d\u2019amendes\u003Cbr class='autobr' \/\u003E\nTransformation des logements en fonction de la demande r\u00e9elle\u003Cbr class='autobr' \/\u003E\nFin des garanties d\u2019emprunt et des subventions aux SA HLM\u003Cbr class='autobr' \/\u003E\nNotre objectif\u003Cbr class='autobr' \/\u003E\nDonner la priorit\u00e9 au travailleur local le plus modeste pour faciliter les embauches.\u003C\/p\u003E\u003C\/blockquote\u003E\n"}